{"id":1517,"date":"2019-10-25T12:13:49","date_gmt":"2019-10-25T12:13:49","guid":{"rendered":"https:\/\/ceeav.eba.ufmg.br\/?page_id=1517"},"modified":"2024-04-03T21:24:32","modified_gmt":"2024-04-04T00:24:32","slug":"repositorio-ufmg","status":"publish","type":"page","link":"https:\/\/ceeav.eba.ufmg.br\/?page_id=1517","title":{"rendered":"Reposit\u00f3rio Institucional"},"content":{"rendered":"<p><img loading=\"lazy\" decoding=\"async\" class=\"alignleft\" src=\"https:\/\/www.fae.ufmg.br\/biblioteca\/wp-content\/uploads\/sites\/7\/2022\/05\/base.png\" alt=\"Reposit\u00f3rio Institucional da UFMG - Biblioteca\" width=\"1129\" height=\"459\" \/><\/p>\n<p>&nbsp;<\/p>\n<p>O Reposit\u00f3rio Institucional da Universidade Federal de Minas Gerais (RI-UFMG) tem o prop\u00f3sito de reunir, preservar, disseminar e promover o acesso aos recursos digitais criados pela comunidade UFMG a fim de proporcionar o interc\u00e2mbio intelectual, a criatividade, o conhecimento e a inova\u00e7\u00e3o (Adaptado: <a href=\"https:\/\/repositorio.ufmg.br\/\">https:\/\/repositorio.ufmg.br\/<\/a>)<\/p>\n<p><strong>V\u00eddeo de Apresenta\u00e7\u00e3o do Reposit\u00f3rio UFMG<\/strong> foi produzido em parceria com a TV UFMG e se encontra dispon\u00edvel no Youtube:\u00a0 <a href=\"https:\/\/www.youtube.com\/watch?v=mF53WrIONXM\">https:\/\/www.youtube.com\/watch?v=mF53WrIONXM<\/a>.<\/p>\n<p>&nbsp;<\/p>\n<p><strong>MATERIAL DE APOIO RI &#8211; UFMG:<\/strong><\/p>\n<p>1. Diretrizes para normaliza\u00e7\u00e3o de trabalhos acad\u00eamicos: <a href=\"https:\/\/repositorio.ufmg.br\/static\/politica\/diretrizes-para-normalizacao-de-trabalhos-academicos-da-UFMG.pdf\">https:\/\/repositorio.ufmg.br\/static\/politica\/diretrizes-para-normalizacao-de-trabalhos-academicos-da-UFMG.pdf<\/a><\/p>\n<p>2. V\u00eddeo tutorial de autoarquivamento:<a href=\"https:\/\/youtu.be\/Bd8YPRWfLa0\"> https:\/\/www.youtube.com\/watch?v=uX_kDo2brUc<\/a><\/p>\n<p>3. Tutorial de autoarquivamento em formato PDF:<a href=\"https:\/\/repositorio.ufmg.br\/static\/politica\/tutorial-de-autoarquivamento-trabalhos-academicos.pdf\"> https:\/\/repositorio.ufmg.br\/static\/politica\/tutorial-de-autoarquivamento-trabalhos-academicos.pdf<\/a><\/p>\n<p>4. Solicita\u00e7\u00e3o de cadastro de usu\u00e1rios externo SEI: <a href=\"https:\/\/sei.ufmg.br\/sei\/controlador_externo.php?acao=usuario_externo_logar&amp;id_orgao_acesso_externo=0\">https:\/\/sei.ufmg.br\/sei\/controlador_externo.php?acao=usuario_externo_logar&amp;id_orgao_acesso_externo=0<\/a><\/p>\n<p>&nbsp;<\/p>\n<div style=\"width: 270px\" class=\"wp-caption alignleft\"><img loading=\"lazy\" decoding=\"async\" src=\"https:\/\/cdn.pixabay.com\/photo\/2013\/12\/17\/22\/04\/art-therapy-230045_1280.jpg\" alt=\"Arte Terapia, Disciplina De Terap\u00eautica\" width=\"260\" height=\"173\" \/><p class=\"wp-caption-text\">Fonte: Pixabay.<\/p><\/div>\n<h2><\/h2>\n<h2><strong>Modelos\/templates de monografias de especializa\u00e7\u00e3o<\/strong><\/h2>\n<p>Elaborados pela Biblioteca da\u00a0 Escola de Belas Artes no formato tradicional e no formato artigo cient\u00edfico com a estrutura predefinida da formata\u00e7\u00e3o indicada pela ABNT.<\/p>\n<p>Arquivos no formato word para que os estudantes possam utilizar os modelos com maior praticidade.<\/p>\n<p>&nbsp;<\/p>\n<p><strong>Instru\u00e7\u00f5es quanto \u00e0 formata\u00e7\u00e3o do trabalho acad\u00eamico:<\/strong><\/p>\n<p><a href=\"https:\/\/ceeav.eba.ufmg.br\/wp-content\/uploads\/2023\/09\/2023-Modelo-Template-MONOGRAFIA-DE-ESPECIALIZACAO-1.doc\">2023 Modelo Template &#8211; MONOGRAFIA DE ESPECIALIZA\u00c7\u00c3O<\/a><\/p>\n<p><a href=\"https:\/\/ceeav.eba.ufmg.br\/wp-content\/uploads\/2023\/09\/2023-Modelo-Template-MONOGRAFIA-DE-ESPECIALIZACAO-em-formato-de-ARTIGO-CIENTIFICO.doc\">2023 Modelo Template &#8211; MONOGRAFIA DE ESPECIALIZA\u00c7\u00c3O em formato de ARTIGO CIENT\u00cdFICO<\/a><\/p>\n<p>&nbsp;<\/p>\n<p>A padroniza\u00e7\u00e3o da estrutura\u00e7\u00e3o b\u00e1sica dos trabalhos de conclus\u00e3o do curso da especializa\u00e7\u00e3o \u00e9 de suma import\u00e2ncia, inclusive para que se apresentem em conformidade com as diretrizes para a normaliza\u00e7\u00e3o de trabalhos acad\u00eamicos exigidas no Reposit\u00f3rio UFMG.<\/p>\n","protected":false},"excerpt":{"rendered":"<p>&nbsp; O Reposit\u00f3rio Institucional da Universidade Federal de Minas Gerais (RI-UFMG) tem o prop\u00f3sito de reunir, preservar, disseminar e promover o acesso aos recursos digitais criados pela comunidade UFMG a fim de proporcionar o interc\u00e2mbio intelectual, a criatividade, o conhecimento e a inova\u00e7\u00e3o (Adaptado: https:\/\/repositorio.ufmg.br\/) V\u00eddeo de Apresenta\u00e7\u00e3o do Reposit\u00f3rio UFMG foi produzido em parceria [&hellip;]<\/p>\n","protected":false},"author":2,"featured_media":0,"parent":0,"menu_order":0,"comment_status":"closed","ping_status":"closed","template":"","meta":{"footnotes":""},"class_list":["post-1517","page","type-page","status-publish","hentry"],"_links":{"self":[{"href":"https:\/\/ceeav.eba.ufmg.br\/index.php?rest_route=\/wp\/v2\/pages\/1517","targetHints":{"allow":["GET"]}}],"collection":[{"href":"https:\/\/ceeav.eba.ufmg.br\/index.php?rest_route=\/wp\/v2\/pages"}],"about":[{"href":"https:\/\/ceeav.eba.ufmg.br\/index.php?rest_route=\/wp\/v2\/types\/page"}],"author":[{"embeddable":true,"href":"https:\/\/ceeav.eba.ufmg.br\/index.php?rest_route=\/wp\/v2\/users\/2"}],"replies":[{"embeddable":true,"href":"https:\/\/ceeav.eba.ufmg.br\/index.php?rest_route=%2Fwp%2Fv2%2Fcomments&post=1517"}],"version-history":[{"count":18,"href":"https:\/\/ceeav.eba.ufmg.br\/index.php?rest_route=\/wp\/v2\/pages\/1517\/revisions"}],"predecessor-version":[{"id":2402,"href":"https:\/\/ceeav.eba.ufmg.br\/index.php?rest_route=\/wp\/v2\/pages\/1517\/revisions\/2402"}],"wp:attachment":[{"href":"https:\/\/ceeav.eba.ufmg.br\/index.php?rest_route=%2Fwp%2Fv2%2Fmedia&parent=1517"}],"curies":[{"name":"wp","href":"https:\/\/api.w.org\/{rel}","templated":true}]}}